{"id":2668,"date":"2015-08-26T14:27:03","date_gmt":"2015-08-26T13:27:03","guid":{"rendered":"http:\/\/www.jillpeters.de\/home\/?page_id=2668"},"modified":"2019-03-30T13:13:30","modified_gmt":"2019-03-30T12:13:30","slug":"wie-messe-ich-richtig","status":"publish","type":"page","link":"https:\/\/www.jillpeters.de\/home\/design\/schick-an-der-leine\/wie-messe-ich-richtig\/","title":{"rendered":"Wie messe ich richtig?"},"content":{"rendered":"\n<div class=\"wp-block-image\"><figure class=\"alignright is-resized\"><img loading=\"lazy\" decoding=\"async\" src=\"https:\/\/www.jillpeters.de\/home\/wp-content\/uploads\/ngg_featured\/20150820_dalmi_00476_web.jpg\" alt=\"\" class=\"wp-image-2669\" width=\"600\" height=\"437\" srcset=\"https:\/\/www.jillpeters.de\/home\/wp-content\/uploads\/ngg_featured\/20150820_dalmi_00476_web.jpg 800w, https:\/\/www.jillpeters.de\/home\/wp-content\/uploads\/ngg_featured\/20150820_dalmi_00476_web-300x218.jpg 300w, https:\/\/www.jillpeters.de\/home\/wp-content\/uploads\/ngg_featured\/20150820_dalmi_00476_web-412x300.jpg 412w, https:\/\/www.jillpeters.de\/home\/wp-content\/uploads\/ngg_featured\/20150820_dalmi_00476_web-433x315.jpg 433w\" sizes=\"auto, (max-width: 600px) 100vw, 600px\" \/><\/figure><\/div>\n\n\n\n<p class=\"justify-text\">Damit sp\u00e4ter alles passt, ben\u00f6tige ich das Halsbandma\u00df Ihres Hundes. Je nach Art des Halsbandes unterscheiden sich die Stellen, an denen Sie den Hundehals messen. <\/p>\n\n\n\n<p class=\"justify-text\">a) F\u00fcr das <strong>normale Halsband<\/strong> (Klick- oder Scherenkarabiner-Verschluss) messen Sie den Umfang mittig am Hals &#8211; dort, wo das Halsband sp\u00e4ter liegen soll.<\/p>\n\n\n\n<p><mark><span style=\"background-color:#1db915\" class=\"tadv-background-color\">GR\u00dcN:<\/span><\/mark> Halsumfang (mittig) in cm<\/p>\n\n\n\n<p class=\"justify-text\">b) F\u00fcr ein<strong> Zugstopp-Halsband<\/strong> schicken Sie mir bitte alle drei Ma\u00dfe, gemessen an den Stellen wie oben eingezeichnet. (Bild: gr\u00fcn, rot, gelb) <br><br><span style=\"background-color:#1db915\" class=\"tadv-background-color\">GR\u00dcN<\/span>: Halsumfang (mittig)<br><span style=\"background-color:#ff0000\" class=\"tadv-background-color\">ROT<\/span>: Halsumfang (direkt hinter den Ohren)<br><span style=\"background-color:#fff500\" class=\"tadv-background-color\">GELB<\/span>: Kopfumfang in cm <\/p>\n\n\n\n<ol class=\"justify-text wp-block-list\"><li><em>Bitte messen Sie den <strong><span style=\"color: #ff0000;\" class=\"underline\">Halsumfang hinter den Ohren <\/span><\/strong>mit<strong> eng (aber nicht stramm)<\/strong> anliegendem Ma\u00dfband, so dass das Halsband nicht \u00fcber den Kopf abgezogen werden kann.<\/em><\/li><li><em>Den <strong><span style=\"background-color: #999999; color: #ffff00;\" class=\"underline\">Kopfumfang<\/span> <\/strong>dagegen bitte so messen, dass das Halsband bequem \u00fcber Kopf und Ohren an- und ausgezogen werden kann. &#8211; Jedoch trotzdem so eng, dass es beim Senken des Kopfes beim Schn\u00fcffeln <strong>nicht von alleine runterrutschen<\/strong> und verloren gehen kann.<\/em><\/li><li><em>Bei dem <strong><span style=\"color: #00b312;\" class=\"underline\">mittigen Halsumfang<\/span><\/strong> messen Sie so, dass noch <strong>zwei Finger<\/strong> unter das Halsband passen. Sie k\u00f6nnen auch das aktuell getragene Halsband im geschlossenen Zustand ausmessen: Hierzu messen Sie bitte den INNEREN Umfang des Halsbandes.<br><\/em><\/li><\/ol>\n","protected":false},"excerpt":{"rendered":"<p>Damit sp\u00e4ter alles passt, ben\u00f6tige ich das Halsbandma\u00df Ihres Hundes. Je nach Art des Halsbandes unterscheiden sich die Stellen, an denen Sie den Hundehals messen. a) F\u00fcr das normale Halsband (Klick- oder Scherenkarabiner-Verschluss) messen Sie den Umfang mittig am Hals <span class=\"excerpt-dots\">&hellip;<\/span> <a class=\"more-link\" href=\"https:\/\/www.jillpeters.de\/home\/design\/schick-an-der-leine\/wie-messe-ich-richtig\/\"><span class=\"more-msg\">Weiterlesen &rarr;<\/span><\/a><\/p>\n","protected":false},"author":667,"featured_media":4276,"parent":2548,"menu_order":3,"comment_status":"closed","ping_status":"closed","template":"","meta":{"ngg_post_thumbnail":0,"jetpack_post_was_ever_published":false,"footnotes":""},"class_list":["post-2668","page","type-page","status-publish","has-post-thumbnail","hentry"],"jetpack_shortlink":"https:\/\/wp.me\/P2sPVv-H2","jetpack_sharing_enabled":true,"_links":{"self":[{"href":"https:\/\/www.jillpeters.de\/home\/wp-json\/wp\/v2\/pages\/2668","targetHints":{"allow":["GET"]}}],"collection":[{"href":"https:\/\/www.jillpeters.de\/home\/wp-json\/wp\/v2\/pages"}],"about":[{"href":"https:\/\/www.jillpeters.de\/home\/wp-json\/wp\/v2\/types\/page"}],"author":[{"embeddable":true,"href":"https:\/\/www.jillpeters.de\/home\/wp-json\/wp\/v2\/users\/667"}],"replies":[{"embeddable":true,"href":"https:\/\/www.jillpeters.de\/home\/wp-json\/wp\/v2\/comments?post=2668"}],"version-history":[{"count":13,"href":"https:\/\/www.jillpeters.de\/home\/wp-json\/wp\/v2\/pages\/2668\/revisions"}],"predecessor-version":[{"id":5412,"href":"https:\/\/www.jillpeters.de\/home\/wp-json\/wp\/v2\/pages\/2668\/revisions\/5412"}],"up":[{"embeddable":true,"href":"https:\/\/www.jillpeters.de\/home\/wp-json\/wp\/v2\/pages\/2548"}],"wp:featuredmedia":[{"embeddable":true,"href":"https:\/\/www.jillpeters.de\/home\/wp-json\/wp\/v2\/media\/4276"}],"wp:attachment":[{"href":"https:\/\/www.jillpeters.de\/home\/wp-json\/wp\/v2\/media?parent=2668"}],"curies":[{"name":"wp","href":"https:\/\/api.w.org\/{rel}","templated":true}]}}